{"id":291,"date":"2017-04-22T00:06:31","date_gmt":"2017-04-22T03:06:31","guid":{"rendered":"http:\/\/saolourencodaserra.sp.gov.br\/novo\/?page_id=291"},"modified":"2023-07-06T15:30:07","modified_gmt":"2023-07-06T18:30:07","slug":"comunicacao","status":"publish","type":"page","link":"http:\/\/saolourencodaserra.sp.gov.br\/novo\/diretorias\/comunicacao\/","title":{"rendered":"Comunica\u00e7\u00e3o"},"content":{"rendered":"<h3>Departamento de Comunica\u00e7\u00e3o<\/h3>\n\n\t<script type=\"text\/javascript\">\tjQuery(document).ready(function($){\tjQuery(\"ul.tabs-nav\").tabs(\"> .pane\"); }); <\/script>\n\n\t\t<div class=\"post-tabs\">\n\t\t<ul class=\"tabs-nav\"><li>Comunica\u00e7\u00e3o<\/li><li>Contato<\/li><\/ul>\n\t\t<div class=\"pane\">\n\t\tA diretoria de <strong>Comunica\u00e7\u00e3o<\/strong> \u00e9 respons\u00e1vel por:<br \/>\n&#8211; Gerenciar as rela\u00e7\u00f5es entre os ve\u00edculos de comunica\u00e7\u00e3o e a administra\u00e7\u00e3o municipal;<br \/>\n&#8211; Coordenar o processo de produ\u00e7\u00e3o da informa\u00e7\u00e3o jornal\u00edstica e institucional interna e externa;<br \/>\n&#8211; Subsidiar os ve\u00edculos de comunica\u00e7\u00e3o com informa\u00e7\u00f5es sobre as a\u00e7\u00f5es administrativas;<br \/>\n&#8211; Planejar, executar e controlar as campanhas publicit\u00e1rias da administra\u00e7\u00e3o municipal;<br \/>\n&#8211; Gerenciar a produ\u00e7\u00e3o e edi\u00e7\u00e3o de conte\u00fados, materiais e ve\u00edculos destinados aos servidores municipais;<\/p>\n<p style=\"text-align: justify;\">Incluso nessa fun\u00e7\u00e3o est\u00e1 a obriga\u00e7\u00e3o de manter a popula\u00e7\u00e3o informada sobre projetos e a\u00e7\u00f5es realizados no Munic\u00edpio. Cabe tamb\u00e9m \u00e0 <strong>Diretoria de Comunica\u00e7\u00f5es<\/strong> &#8211; entre outras atribui\u00e7\u00f5es &#8211; elaborar campanhas que levem ao conhecimento da popula\u00e7\u00e3o as a\u00e7\u00f5es da Prefeitura, coordenar as publica\u00e7\u00f5es de atos oficiais e distribuir a publicidade oficial, al\u00e9m de realizar a manuten\u00e7\u00e3o das informa\u00e7\u00f5es do portal da Prefeitura, bem como nas respectivas redes sociais oficiais.\n\t\t<\/div>\n\t\n\t\t<div class=\"pane\">\n\t\t\n<p style=\"text-align: justify;\"><strong>Respons\u00e1vel:<\/strong> Rodrigo Xavier e Thais Ribeiro<\/p>\n<p><strong>Prefeitura de S\u00e3o Louren\u00e7o da Serra<\/strong><br \/>\n<strong>Endere\u00e7o:<\/strong> Pra\u00e7a 10 de Agosto, 305 &#8211; Centro<br \/>\nS\u00e3o Louren\u00e7o da Serra\/SP &#8211; CEP: 06890-000<br \/>\n<strong>Expediente:<\/strong> 8h \u00e0s 17h<br \/>\n<strong>Fone:<\/strong> (11) 4687-2700\n\t\t<\/div>\n\t\n\t\t<\/div>\n\t\n<div id=\"vfb-form-19\" class=\"visual-form-builder-container\"><form id=\"comunicacao-19\" class=\"visual-form-builder vfb-form-19 \" method=\"post\" enctype=\"multipart\/form-data\">\n\t\t\t<input type=\"hidden\" name=\"form_id\" value=\"19\" \/><fieldset class=\"vfb-fieldset vfb-fieldset-1 fale-conosco-comunicacao \" id=\"item-vfb-122\"><div class=\"vfb-legend\"><h3>Fale conosco - Comunica\u00e7\u00e3o<\/h3><\/div><ul class=\"vfb-section vfb-section-1\"><li class=\"vfb-item vfb-item-text  \" id=\"item-vfb-126\"><label for=\"vfb-126\" class=\"vfb-desc\">Nome completo  <span class=\"vfb-required-asterisk\">*<\/span><\/label><input type=\"text\" name=\"vfb-126\" id=\"vfb-126\" value=\"\" class=\"vfb-text  vfb-medium  required  \" \/><\/li><li class=\"vfb-item vfb-item-text  \" id=\"item-vfb-127\"><label for=\"vfb-127\" class=\"vfb-desc\">Telefone\/Celular  <span class=\"vfb-required-asterisk\">*<\/span><\/label><input type=\"text\" name=\"vfb-127\" id=\"vfb-127\" value=\"\" class=\"vfb-text  vfb-medium  required  \" \/><\/li><li class=\"vfb-item vfb-item-email  \" id=\"item-vfb-128\"><label for=\"vfb-128\" class=\"vfb-desc\">Email <\/label><input type=\"email\" name=\"vfb-128\" id=\"vfb-128\" value=\"\" class=\"vfb-text  vfb-medium   email \" \/><\/li><li class=\"vfb-item vfb-item-textarea  \" id=\"item-vfb-129\"><label for=\"vfb-129\" class=\"vfb-desc\">Assunto  <span class=\"vfb-required-asterisk\">*<\/span><\/label><div><textarea name=\"vfb-129\" id=\"vfb-129\" class=\"vfb-textarea  vfb-medium  required \"><\/textarea><\/div><\/li><\/ul>&nbsp;<\/fieldset><fieldset class=\"vfb-fieldset vfb-fieldset-2 verificacao \" id=\"item-vfb-123\" style=\"display:block\"><div class=\"vfb-legend\"><h3>Verifica\u00e7\u00e3o<\/h3><\/div><ul class=\"vfb-section vfb-section-2\"><li class=\"vfb-item vfb-item-secret\"  style=\"display:block\"><label for=\"vfb-124\" class=\"vfb-desc\">Insira ao menos 2 d\u00edgitos<\/label><input type=\"hidden\" name=\"_vfb-required-secret\" value=\"0\" \/><input type=\"hidden\" name=\"_vfb-secret\" value=\"vfb-124\" \/><span class=\"vfb-span\"><input type=\"text\" name=\"vfb-124\" id=\"vfb-124\" value=\"\" class=\"vfb-text  vfb-medium  {digits:true,maxlength:2,minlength:2} \" style=\"display:block\" \/><label>Exemplo: 12<\/label><\/span><li style=\"display:none;\"><label>This box is for spam protection - <strong>please leave it blank<\/strong>:<\/label><div><input name=\"vfb-spam\" \/><\/div><\/li>\n\t\t\t<li class=\"vfb-item vfb-item-submit\" id=\"item-vfb-125\">\n\t\t\t\t\t\t<input type=\"submit\" name=\"vfb-submit\" id=\"vfb-125\" value=\"Enviar\" class=\"vfb-submit \" \/>\n\t\t\t\t\t\t<\/li><\/ul>\n\t\t\t<\/fieldset><input type=\"hidden\" name=\"_wp_http_referer\" value=\"\/novo\/wp-json\/wp\/v2\/pages\/291\" \/><\/form><\/div> <!-- .visual-form-builder-container -->\n","protected":false},"excerpt":{"rendered":"<p>Departamento de Comunica\u00e7\u00e3o<\/p>\n","protected":false},"author":1,"featured_media":0,"parent":15,"menu_order":0,"comment_status":"closed","ping_status":"closed","template":"","meta":[],"_links":{"self":[{"href":"http:\/\/saolourencodaserra.sp.gov.br\/novo\/wp-json\/wp\/v2\/pages\/291"}],"collection":[{"href":"http:\/\/saolourencodaserra.sp.gov.br\/novo\/wp-json\/wp\/v2\/pages"}],"about":[{"href":"http:\/\/saolourencodaserra.sp.gov.br\/novo\/wp-json\/wp\/v2\/types\/page"}],"author":[{"embeddable":true,"href":"http:\/\/saolourencodaserra.sp.gov.br\/novo\/wp-json\/wp\/v2\/users\/1"}],"replies":[{"embeddable":true,"href":"http:\/\/saolourencodaserra.sp.gov.br\/novo\/wp-json\/wp\/v2\/comments?post=291"}],"version-history":[{"count":0,"href":"http:\/\/saolourencodaserra.sp.gov.br\/novo\/wp-json\/wp\/v2\/pages\/291\/revisions"}],"up":[{"embeddable":true,"href":"http:\/\/saolourencodaserra.sp.gov.br\/novo\/wp-json\/wp\/v2\/pages\/15"}],"wp:attachment":[{"href":"http:\/\/saolourencodaserra.sp.gov.br\/novo\/wp-json\/wp\/v2\/media?parent=291"}],"curies":[{"name":"wp","href":"https:\/\/api.w.org\/{rel}","templated":true}]}}